{"id":625,"date":"2016-07-27T13:01:26","date_gmt":"2016-07-27T13:01:26","guid":{"rendered":"http:\/\/www.lauro-art.ch\/wordpress\/?page_id=625"},"modified":"2022-12-04T13:56:38","modified_gmt":"2022-12-04T13:56:38","slug":"roberto-lauro-oelmalerei","status":"publish","type":"page","link":"https:\/\/www.lauro-art.com\/wordpress\/roberto-lauro-oelmalerei\/","title":{"rendered":"\u00d6lmalerei"},"content":{"rendered":"<\/div><\/div><\/div><!-- close content main div --><\/div><\/div><div id='full_slider_1' class='avia-fullwidth-slider main_color avia-shadow  container_wrap fullsize'   ><div  data-size='no scaling'  data-lightbox_size='large'  data-animation='slide'  data-ids='1299'  data-video_counter='0'  data-autoplay='false'  data-bg_slider='false'  data-slide_height=''  data-handle='av_slideshow_full'  data-interval='8'  data-class=' '  data-css_id=''  data-scroll_down=''  data-control_layout='av-control-default'  data-custom_markup=''  data-perma_caption=''  data-autoplay_stopper=''  data-src=''  data-position='top left'  data-repeat='no-repeat'  data-attach='scroll'  data-stretch=''  class='avia-slideshow avia-slideshow-1  av-control-default av-default-height-applied avia-slideshow-no scaling av_slideshow_full   avia-slide-slider '  itemscope=\"itemscope\" itemtype=\"https:\/\/schema.org\/ImageObject\" ><ul class='avia-slideshow-inner' style='padding-bottom: 25.595238095238%;'><li  class=' av-single-slide slide-1 ' ><div data-rel='slideshow-1' class='avia-slide-wrap'  ><img src='https:\/\/www.lauro-art.com\/wordpress\/wp-content\/uploads\/2016\/07\/Roberto_Lauro_oelmalerei_web_OhneTitel_70x70cm_WV0015_2000_Detail_Slider_1.jpg' width='1680' height='430' title='Roberto_Lauro_oelmalerei_web_OhneTitel_70x70cm_WV0015_2000_Detail_Slider_1' alt=''  itemprop=\"contentURL\"  \/><\/div><\/li><\/ul><\/div><\/div>\n<div class=\"flex_column av_one_full  flex_column_div av-zero-column-padding first  \" style='border-radius:0px; '><div style='padding-bottom:10px;' class='av-special-heading av-special-heading-h3    '><h3 class='av-special-heading-tag'  itemprop=\"headline\"  >\u00d6lmalerei<\/h3><div class='special-heading-border'><div class='special-heading-inner-border' ><\/div><\/div><\/div><\/div>\n<div class=\"flex_column av_one_half  flex_column_div av-zero-column-padding first  \" style='border-radius:0px; '><p><section class=\"av_textblock_section\"  itemscope=\"itemscope\" itemtype=\"https:\/\/schema.org\/CreativeWork\" ><div class='avia_textblock '   itemprop=\"text\" ><p>Die Begeisterung f\u00fcr die Farbe f\u00fchrte mich bereits in jungen Jahren \u00fcber das theoretische Studium der Farbenlehre zur Malerei. Die Farbe wurde f\u00fcr mich zu einem Element f\u00fcr das Schaffen und Erschaffen von Raum innerhalb der Bildkomposition, die sp\u00e4ter ein dynamisches, kraftvolles Hinausdr\u00e4ngen aus der Bildfl\u00e4che in eine dritte Dimension verlangte.<\/p>\n<\/div><\/section><br \/>\n<div style='height:30px' class='hr hr-invisible '><span class='hr-inner ' ><span class='hr-inner-style'><\/span><\/span><\/div><br \/>\n<div style='padding-bottom:10px;' class='av-special-heading av-special-heading-h4   '><h4 class='av-special-heading-tag'  itemprop=\"headline\"  ><span class='special_amp'>&#8222;<\/span>Paul Klees Bild \u2018Ad Parnassum\u2019, das ich in jungen Jahren im Berner Kunstmuseum sah, war f\u00fcr mich eine musikalisch-malerische Erleuchtung.<span class='special_amp'>&#8220;<\/span><\/h4><div class='special-heading-border'><div class='special-heading-inner-border' ><\/div><\/div><\/div><br \/>\n<section class=\"av_textblock_section\"  itemscope=\"itemscope\" itemtype=\"https:\/\/schema.org\/CreativeWork\" ><div class='avia_textblock '   itemprop=\"text\" ><p style=\"text-align: right;\">Roberto Lauro, Z\u00fcrich 2014<\/p>\n<\/div><\/section><\/p><\/div>\n<div class=\"flex_column av_one_half  flex_column_div av-zero-column-padding   \" style='border-radius:0px; '><div  class='avia-video avia-video-16-9  '  itemprop=\"video\" itemtype=\"https:\/\/schema.org\/VideoObject\" ><div class='avia-iframe-wrap'><iframe src=\"https:\/\/player.vimeo.com\/video\/177226904\" width=\"1500\" height=\"844\" frameborder=\"0\" title=\"Oelmalerei\" webkitallowfullscreen mozallowfullscreen allowfullscreen><\/iframe><\/div><\/div><\/div>\n<div  class='hr hr-default '><span class='hr-inner ' ><span class='hr-inner-style'><\/span><\/span><\/div>\n<div class=\"flex_column av_one_full  flex_column_div av-zero-column-padding first  \" style='border-radius:0px; '><div id='av-masonry-1' class='av-masonry noHover av-flex-size av-large-gap av-hover-overlay- av-masonry-col-flexible av-caption-always av-caption-style- av-masonry-gallery  '  ><div class='av-masonry-container isotope av-js-disabled ' ><div class='av-masonry-entry isotope-item av-masonry-item-no-image '><\/div><a href=\"https:\/\/www.lauro-art.com\/wordpress\/wp-content\/uploads\/2020\/08\/2006-Tor-100x100-e1598101419369.jpg\" id='av-masonry-1-item-1401' data-av-masonry-item='1401' class='av-masonry-entry isotope-item post-1401 attachment type-attachment status-inherit hentry  av-masonry-item-with-image' title=\"Das gro\u00dfe Tor, 2020, 100x100 cm, WV 2006\"  itemprop=\"contentURL\" ><div class='av-inner-masonry-sizer'><\/div><figure class='av-inner-masonry main_color'><div class=\"av-masonry-outerimage-container\"><div class=\"av-masonry-image-container\" style=\"background-image: url(https:\/\/www.lauro-art.com\/wordpress\/wp-content\/uploads\/2020\/08\/2006-Tor-100x100-e1598101419369.jpg);\"><img src=\"https:\/\/www.lauro-art.com\/wordpress\/wp-content\/uploads\/2020\/08\/2006-Tor-100x100-e1598101419369.jpg\" title=\"Das grosse Tor (2006 &#8211; 100&#215;100)\" alt=\"\" \/><\/div><\/div><figcaption class='av-inner-masonry-content site-background'><div class='av-inner-masonry-content-pos'><div class='av-inner-masonry-content-pos-content'><div class='avia-arrow'><\/div><div class='av-masonry-entry-content entry-content'  itemprop=\"text\" >Das gro\u00dfe Tor, 2020, 100x100 cm, WV 2006<\/div><\/div><\/div><\/figcaption><\/figure><\/a><!--end av-masonry entry--><a href=\"https:\/\/www.lauro-art.com\/wordpress\/wp-content\/uploads\/2020\/08\/2009-80x80-1024x1022.jpg\" id='av-masonry-1-item-1429' data-av-masonry-item='1429' class='av-masonry-entry isotope-item post-1429 attachment type-attachment status-inherit hentry  av-masonry-item-with-image' title=\"Licht und Schatten, 2020, 80x80 cm, WV 2009\"  itemprop=\"contentURL\" ><div class='av-inner-masonry-sizer'><\/div><figure class='av-inner-masonry main_color'><div class=\"av-masonry-outerimage-container\"><div class=\"av-masonry-image-container\" style=\"background-image: url(https:\/\/www.lauro-art.com\/wordpress\/wp-content\/uploads\/2020\/08\/2009-80x80-705x705.jpg);\"><img src=\"https:\/\/www.lauro-art.com\/wordpress\/wp-content\/uploads\/2020\/08\/2009-80x80-705x705.jpg\" title=\"Licht und Schatten, 2020, 80&#215;80 cm, WV 2009\" alt=\"\" \/><\/div><\/div><figcaption class='av-inner-masonry-content site-background'><div class='av-inner-masonry-content-pos'><div class='av-inner-masonry-content-pos-content'><div class='avia-arrow'><\/div><div class='av-masonry-entry-content entry-content'  itemprop=\"text\" >Licht und Schatten, 2020, 80x80 cm, WV 2009<\/div><\/div><\/div><\/figcaption><\/figure><\/a><!--end av-masonry entry--><a href=\"https:\/\/www.lauro-art.com\/wordpress\/wp-content\/uploads\/2016\/07\/Roberto_Lauro_oelmalerei_web_Statik-und-Bewegung_2015_120x120_WV.1540-2_V2.jpg\" id='av-masonry-1-item-1209' data-av-masonry-item='1209' class='av-masonry-entry isotope-item post-1209 attachment type-attachment status-inherit hentry  av-masonry-item-with-image' title=\"Statik und Bewegung, 2015, 120x120 cm, WV 1520\"  itemprop=\"contentURL\" ><div class='av-inner-masonry-sizer'><\/div><figure class='av-inner-masonry main_color'><div class=\"av-masonry-outerimage-container\"><div class=\"av-masonry-image-container\" style=\"background-image: url(https:\/\/www.lauro-art.com\/wordpress\/wp-content\/uploads\/2016\/07\/Roberto_Lauro_oelmalerei_web_Statik-und-Bewegung_2015_120x120_WV.1540-2_V2.jpg);\"><img src=\"https:\/\/www.lauro-art.com\/wordpress\/wp-content\/uploads\/2016\/07\/Roberto_Lauro_oelmalerei_web_Statik-und-Bewegung_2015_120x120_WV.1540-2_V2.jpg\" title=\"Roberto_Lauro_oelmalerei_web_Statik-und-Bewegung_2015_120x120_WV.1540-2_V2\" alt=\"WV 1540\" \/><\/div><\/div><figcaption class='av-inner-masonry-content site-background'><div class='av-inner-masonry-content-pos'><div class='av-inner-masonry-content-pos-content'><div class='avia-arrow'><\/div><div class='av-masonry-entry-content entry-content'  itemprop=\"text\" >Statik und Bewegung, 2015, 120x120 cm, WV 1520<\/div><\/div><\/div><\/figcaption><\/figure><\/a><!--end av-masonry entry--><a href=\"https:\/\/www.lauro-art.com\/wordpress\/wp-content\/uploads\/2016\/07\/Roberto_Lauro_oelmalerei_web_Tanz_60x60cm_WV1522_2015_2_V2.jpg\" id='av-masonry-1-item-1210' data-av-masonry-item='1210' class='av-masonry-entry isotope-item post-1210 attachment type-attachment status-inherit hentry  av-masonry-item-with-image' title=\"Tanz,  2015, 60x60 cm,  WV 1513 \"  itemprop=\"contentURL\" ><div class='av-inner-masonry-sizer'><\/div><figure class='av-inner-masonry main_color'><div class=\"av-masonry-outerimage-container\"><div class=\"av-masonry-image-container\" style=\"background-image: url(https:\/\/www.lauro-art.com\/wordpress\/wp-content\/uploads\/2016\/07\/Roberto_Lauro_oelmalerei_web_Tanz_60x60cm_WV1522_2015_2_V2.jpg);\"><img src=\"https:\/\/www.lauro-art.com\/wordpress\/wp-content\/uploads\/2016\/07\/Roberto_Lauro_oelmalerei_web_Tanz_60x60cm_WV1522_2015_2_V2.jpg\" title=\"Roberto_Lauro_oelmalerei_web_Tanz_60x60cm_WV1522_2015_2_V2\" alt=\"\" \/><\/div><\/div><figcaption class='av-inner-masonry-content site-background'><div class='av-inner-masonry-content-pos'><div class='av-inner-masonry-content-pos-content'><div class='avia-arrow'><\/div><div class='av-masonry-entry-content entry-content'  itemprop=\"text\" >Tanz,  2015, 60x60 cm,  WV 1513 <\/div><\/div><\/div><\/figcaption><\/figure><\/a><!--end av-masonry entry--><a href=\"https:\/\/www.lauro-art.com\/wordpress\/wp-content\/uploads\/2016\/07\/Roberto_Lauro_oelmalerei_web_gegensaetzliche-rhythmen_WV1313_2013_V2.jpg\" id='av-masonry-1-item-1195' data-av-masonry-item='1195' class='av-masonry-entry isotope-item post-1195 attachment type-attachment status-inherit hentry  av-masonry-item-with-image' title=\"Gegens\u00e4tzliche Rhythmen, 2013, 70x70  cm,  WV 1313\"  itemprop=\"contentURL\" ><div class='av-inner-masonry-sizer'><\/div><figure class='av-inner-masonry main_color'><div class=\"av-masonry-outerimage-container\"><div class=\"av-masonry-image-container\" style=\"background-image: url(https:\/\/www.lauro-art.com\/wordpress\/wp-content\/uploads\/2016\/07\/Roberto_Lauro_oelmalerei_web_gegensaetzliche-rhythmen_WV1313_2013_V2.jpg);\"><img src=\"https:\/\/www.lauro-art.com\/wordpress\/wp-content\/uploads\/2016\/07\/Roberto_Lauro_oelmalerei_web_gegensaetzliche-rhythmen_WV1313_2013_V2.jpg\" title=\"Roberto_Lauro_oelmalerei_web_gegensaetzliche-rhythmen_WV1313_2013_V2\" alt=\"WV 1313\" \/><\/div><\/div><figcaption class='av-inner-masonry-content site-background'><div class='av-inner-masonry-content-pos'><div class='av-inner-masonry-content-pos-content'><div class='avia-arrow'><\/div><div class='av-masonry-entry-content entry-content'  itemprop=\"text\" >Gegens\u00e4tzliche Rhythmen, 2013, 70x70  cm,  WV 1313<\/div><\/div><\/div><\/figcaption><\/figure><\/a><!--end av-masonry entry--><a href=\"https:\/\/www.lauro-art.com\/wordpress\/wp-content\/uploads\/2016\/07\/Roberto_Lauro_oelmalerei_web_ueberlagerte_tone_WV1318_2013_V2.jpg\" id='av-masonry-1-item-1212' data-av-masonry-item='1212' class='av-masonry-entry isotope-item post-1212 attachment type-attachment status-inherit hentry  av-masonry-item-with-image' title=\"\u00dcberlagerte T\u00f6ne, 2013, 70x70 cm, WV 1318                             \"  itemprop=\"contentURL\" ><div class='av-inner-masonry-sizer'><\/div><figure class='av-inner-masonry main_color'><div class=\"av-masonry-outerimage-container\"><div class=\"av-masonry-image-container\" style=\"background-image: url(https:\/\/www.lauro-art.com\/wordpress\/wp-content\/uploads\/2016\/07\/Roberto_Lauro_oelmalerei_web_ueberlagerte_tone_WV1318_2013_V2.jpg);\"><img src=\"https:\/\/www.lauro-art.com\/wordpress\/wp-content\/uploads\/2016\/07\/Roberto_Lauro_oelmalerei_web_ueberlagerte_tone_WV1318_2013_V2.jpg\" title=\"Roberto_Lauro_oelmalerei_web_ueberlagerte_tone_WV1318_2013_V2\" alt=\"\" \/><\/div><\/div><figcaption class='av-inner-masonry-content site-background'><div class='av-inner-masonry-content-pos'><div class='av-inner-masonry-content-pos-content'><div class='avia-arrow'><\/div><div class='av-masonry-entry-content entry-content'  itemprop=\"text\" >\u00dcberlagerte T\u00f6ne, 2013, 70x70 cm, WV 1318                             <\/div><\/div><\/div><\/figcaption><\/figure><\/a><!--end av-masonry entry--><a href=\"https:\/\/www.lauro-art.com\/wordpress\/wp-content\/uploads\/2016\/07\/Roberto_Lauro_oelmalerei_web_Polyphonie_120x120cm_WV1005_2010_V2.jpg\" id='av-masonry-1-item-1208' data-av-masonry-item='1208' class='av-masonry-entry isotope-item post-1208 attachment type-attachment status-inherit hentry  av-masonry-item-with-image' title=\"Polyphonie, 2010, 120x120 cm, WV 1005\"  itemprop=\"contentURL\" ><div class='av-inner-masonry-sizer'><\/div><figure class='av-inner-masonry main_color'><div class=\"av-masonry-outerimage-container\"><div class=\"av-masonry-image-container\" style=\"background-image: url(https:\/\/www.lauro-art.com\/wordpress\/wp-content\/uploads\/2016\/07\/Roberto_Lauro_oelmalerei_web_Polyphonie_120x120cm_WV1005_2010_V2.jpg);\"><img src=\"https:\/\/www.lauro-art.com\/wordpress\/wp-content\/uploads\/2016\/07\/Roberto_Lauro_oelmalerei_web_Polyphonie_120x120cm_WV1005_2010_V2.jpg\" title=\"Roberto_Lauro_oelmalerei_web_Polyphonie_120x120cm_WV1005_2010_V2\" alt=\"\" \/><\/div><\/div><figcaption class='av-inner-masonry-content site-background'><div class='av-inner-masonry-content-pos'><div class='av-inner-masonry-content-pos-content'><div class='avia-arrow'><\/div><div class='av-masonry-entry-content entry-content'  itemprop=\"text\" >Polyphonie, 2010, 120x120 cm, WV 1005<\/div><\/div><\/div><\/figcaption><\/figure><\/a><!--end av-masonry entry--><a href=\"https:\/\/www.lauro-art.com\/wordpress\/wp-content\/uploads\/2016\/07\/Roberto_Lauro_oelmalerei_web_Pastoral_120x120cm_WV1006_2010_V2.jpg\" id='av-masonry-1-item-1207' data-av-masonry-item='1207' class='av-masonry-entry isotope-item post-1207 attachment type-attachment status-inherit hentry  av-masonry-item-with-image' title=\"Pastoral, 2010, 120x120 cm, WV 1006\"  itemprop=\"contentURL\" ><div class='av-inner-masonry-sizer'><\/div><figure class='av-inner-masonry main_color'><div class=\"av-masonry-outerimage-container\"><div class=\"av-masonry-image-container\" style=\"background-image: url(https:\/\/www.lauro-art.com\/wordpress\/wp-content\/uploads\/2016\/07\/Roberto_Lauro_oelmalerei_web_Pastoral_120x120cm_WV1006_2010_V2.jpg);\"><img src=\"https:\/\/www.lauro-art.com\/wordpress\/wp-content\/uploads\/2016\/07\/Roberto_Lauro_oelmalerei_web_Pastoral_120x120cm_WV1006_2010_V2.jpg\" title=\"Roberto_Lauro_oelmalerei_web_Pastoral_120x120cm_WV1006_2010_V2\" alt=\"\" \/><\/div><\/div><figcaption class='av-inner-masonry-content site-background'><div class='av-inner-masonry-content-pos'><div class='av-inner-masonry-content-pos-content'><div class='avia-arrow'><\/div><div class='av-masonry-entry-content entry-content'  itemprop=\"text\" >Pastoral, 2010, 120x120 cm, WV 1006<\/div><\/div><\/div><\/figcaption><\/figure><\/a><!--end av-masonry entry--><a href=\"https:\/\/www.lauro-art.com\/wordpress\/wp-content\/uploads\/2016\/07\/Roberto_Lauro_oelmalerei_web_Gegensaetzliches_70x70cm_WV1009_2010_V2.jpg\" id='av-masonry-1-item-1196' data-av-masonry-item='1196' class='av-masonry-entry isotope-item post-1196 attachment type-attachment status-inherit hentry  av-masonry-item-with-image' title=\"Gegens\u00e4tzliches, 2010, 70x70 cm, WV 1009 \"  itemprop=\"contentURL\" ><div class='av-inner-masonry-sizer'><\/div><figure class='av-inner-masonry main_color'><div class=\"av-masonry-outerimage-container\"><div class=\"av-masonry-image-container\" style=\"background-image: url(https:\/\/www.lauro-art.com\/wordpress\/wp-content\/uploads\/2016\/07\/Roberto_Lauro_oelmalerei_web_Gegensaetzliches_70x70cm_WV1009_2010_V2.jpg);\"><img src=\"https:\/\/www.lauro-art.com\/wordpress\/wp-content\/uploads\/2016\/07\/Roberto_Lauro_oelmalerei_web_Gegensaetzliches_70x70cm_WV1009_2010_V2.jpg\" title=\"Roberto_Lauro_oelmalerei_web_Gegensaetzliches_70x70cm_WV1009_2010_V2\" alt=\"\" \/><\/div><\/div><figcaption class='av-inner-masonry-content site-background'><div class='av-inner-masonry-content-pos'><div class='av-inner-masonry-content-pos-content'><div class='avia-arrow'><\/div><div class='av-masonry-entry-content entry-content'  itemprop=\"text\" >Gegens\u00e4tzliches, 2010, 70x70 cm, WV 1009 <\/div><\/div><\/div><\/figcaption><\/figure><\/a><!--end av-masonry entry--><a href=\"https:\/\/www.lauro-art.com\/wordpress\/wp-content\/uploads\/2016\/07\/Roberto_Lauro_oelmalerei_web_Tanz_120x120cm_WV0901_2009_V2.jpg\" id='av-masonry-1-item-1211' data-av-masonry-item='1211' class='av-masonry-entry isotope-item post-1211 attachment type-attachment status-inherit hentry  av-masonry-item-with-image' title=\"Tanz, 2009, 120x120 cm, WV 0901\"  itemprop=\"contentURL\" ><div class='av-inner-masonry-sizer'><\/div><figure class='av-inner-masonry main_color'><div class=\"av-masonry-outerimage-container\"><div class=\"av-masonry-image-container\" style=\"background-image: url(https:\/\/www.lauro-art.com\/wordpress\/wp-content\/uploads\/2016\/07\/Roberto_Lauro_oelmalerei_web_Tanz_120x120cm_WV0901_2009_V2.jpg);\"><img src=\"https:\/\/www.lauro-art.com\/wordpress\/wp-content\/uploads\/2016\/07\/Roberto_Lauro_oelmalerei_web_Tanz_120x120cm_WV0901_2009_V2.jpg\" title=\"Roberto_Lauro_oelmalerei_web_Tanz_120x120cm_WV0901_2009_V2\" alt=\"\" \/><\/div><\/div><figcaption class='av-inner-masonry-content site-background'><div class='av-inner-masonry-content-pos'><div class='av-inner-masonry-content-pos-content'><div class='avia-arrow'><\/div><div class='av-masonry-entry-content entry-content'  itemprop=\"text\" >Tanz, 2009, 120x120 cm, WV 0901<\/div><\/div><\/div><\/figcaption><\/figure><\/a><!--end av-masonry entry--><a href=\"https:\/\/www.lauro-art.com\/wordpress\/wp-content\/uploads\/2016\/07\/Roberto_Lauro_oelmalerei_web_OhneTitel_60x60cm_WV0501_2005_V2.jpg\" id='av-masonry-1-item-1197' data-av-masonry-item='1197' class='av-masonry-entry isotope-item post-1197 attachment type-attachment status-inherit hentry  av-masonry-item-with-image' title=\"Ohne Titel, 2005, 60x60 cm, WV 0501\"  itemprop=\"contentURL\" ><div class='av-inner-masonry-sizer'><\/div><figure class='av-inner-masonry main_color'><div class=\"av-masonry-outerimage-container\"><div class=\"av-masonry-image-container\" style=\"background-image: url(https:\/\/www.lauro-art.com\/wordpress\/wp-content\/uploads\/2016\/07\/Roberto_Lauro_oelmalerei_web_OhneTitel_60x60cm_WV0501_2005_V2.jpg);\"><img src=\"https:\/\/www.lauro-art.com\/wordpress\/wp-content\/uploads\/2016\/07\/Roberto_Lauro_oelmalerei_web_OhneTitel_60x60cm_WV0501_2005_V2.jpg\" title=\"Roberto_Lauro_oelmalerei_web_OhneTitel_60x60cm_WV0501_2005_V2\" alt=\"\" \/><\/div><\/div><figcaption class='av-inner-masonry-content site-background'><div class='av-inner-masonry-content-pos'><div class='av-inner-masonry-content-pos-content'><div class='avia-arrow'><\/div><div class='av-masonry-entry-content entry-content'  itemprop=\"text\" >Ohne Titel, 2005, 60x60 cm, WV 0501<\/div><\/div><\/div><\/figcaption><\/figure><\/a><!--end av-masonry entry--><a href=\"https:\/\/www.lauro-art.com\/wordpress\/wp-content\/uploads\/2016\/07\/Roberto_Lauro_oelmalerei_web_OhneTitel_120x120cm_WV0502-2_2005_V2.jpg\" id='av-masonry-1-item-1206' data-av-masonry-item='1206' class='av-masonry-entry isotope-item post-1206 attachment type-attachment status-inherit hentry  av-masonry-item-with-image' title=\"Ohne Titel, 2005, 120x120 cm, WV 0502\"  itemprop=\"contentURL\" ><div class='av-inner-masonry-sizer'><\/div><figure class='av-inner-masonry main_color'><div class=\"av-masonry-outerimage-container\"><div class=\"av-masonry-image-container\" style=\"background-image: url(https:\/\/www.lauro-art.com\/wordpress\/wp-content\/uploads\/2016\/07\/Roberto_Lauro_oelmalerei_web_OhneTitel_120x120cm_WV0502-2_2005_V2.jpg);\"><img src=\"https:\/\/www.lauro-art.com\/wordpress\/wp-content\/uploads\/2016\/07\/Roberto_Lauro_oelmalerei_web_OhneTitel_120x120cm_WV0502-2_2005_V2.jpg\" title=\"Roberto_Lauro_oelmalerei_web_OhneTitel_120x120cm_WV0502-2_2005_V2\" alt=\"\" \/><\/div><\/div><figcaption class='av-inner-masonry-content site-background'><div class='av-inner-masonry-content-pos'><div class='av-inner-masonry-content-pos-content'><div class='avia-arrow'><\/div><div class='av-masonry-entry-content entry-content'  itemprop=\"text\" >Ohne Titel, 2005, 120x120 cm, WV 0502<\/div><\/div><\/div><\/figcaption><\/figure><\/a><!--end av-masonry entry--><a href=\"https:\/\/www.lauro-art.com\/wordpress\/wp-content\/uploads\/2016\/07\/Roberto_Lauro_oelmalerei_web_OhneTitel_100x100cm_WV0400-2_2004_V2.jpg\" id='av-masonry-1-item-1205' data-av-masonry-item='1205' class='av-masonry-entry isotope-item post-1205 attachment type-attachment status-inherit hentry  av-masonry-item-with-image' title=\"Ohne Titel, 2004, 100x100 cm, WV 0400\"  itemprop=\"contentURL\" ><div class='av-inner-masonry-sizer'><\/div><figure class='av-inner-masonry main_color'><div class=\"av-masonry-outerimage-container\"><div class=\"av-masonry-image-container\" style=\"background-image: url(https:\/\/www.lauro-art.com\/wordpress\/wp-content\/uploads\/2016\/07\/Roberto_Lauro_oelmalerei_web_OhneTitel_100x100cm_WV0400-2_2004_V2.jpg);\"><img src=\"https:\/\/www.lauro-art.com\/wordpress\/wp-content\/uploads\/2016\/07\/Roberto_Lauro_oelmalerei_web_OhneTitel_100x100cm_WV0400-2_2004_V2.jpg\" title=\"Roberto_Lauro_oelmalerei_web_OhneTitel_100x100cm_WV0400-2_2004_V2\" alt=\"\" \/><\/div><\/div><figcaption class='av-inner-masonry-content site-background'><div class='av-inner-masonry-content-pos'><div class='av-inner-masonry-content-pos-content'><div class='avia-arrow'><\/div><div class='av-masonry-entry-content entry-content'  itemprop=\"text\" >Ohne Titel, 2004, 100x100 cm, WV 0400<\/div><\/div><\/div><\/figcaption><\/figure><\/a><!--end av-masonry entry--><a href=\"https:\/\/www.lauro-art.com\/wordpress\/wp-content\/uploads\/2016\/07\/Roberto_Lauro_oelmalerei_web_OhneTitel_100x100cm_WV0313_2003_V2.jpg\" id='av-masonry-1-item-1204' data-av-masonry-item='1204' class='av-masonry-entry isotope-item post-1204 attachment type-attachment status-inherit hentry  av-masonry-item-with-image' title=\"Herbstgesang, 2003, 100x100 cm, WV 0313 \"  itemprop=\"contentURL\" ><div class='av-inner-masonry-sizer'><\/div><figure class='av-inner-masonry main_color'><div class=\"av-masonry-outerimage-container\"><div class=\"av-masonry-image-container\" style=\"background-image: url(https:\/\/www.lauro-art.com\/wordpress\/wp-content\/uploads\/2016\/07\/Roberto_Lauro_oelmalerei_web_OhneTitel_100x100cm_WV0313_2003_V2.jpg);\"><img src=\"https:\/\/www.lauro-art.com\/wordpress\/wp-content\/uploads\/2016\/07\/Roberto_Lauro_oelmalerei_web_OhneTitel_100x100cm_WV0313_2003_V2.jpg\" title=\"Roberto_Lauro_oelmalerei_web_OhneTitel_100x100cm_WV0313_2003_V2\" alt=\"\" \/><\/div><\/div><figcaption class='av-inner-masonry-content site-background'><div class='av-inner-masonry-content-pos'><div class='av-inner-masonry-content-pos-content'><div class='avia-arrow'><\/div><div class='av-masonry-entry-content entry-content'  itemprop=\"text\" >Herbstgesang, 2003, 100x100 cm, WV 0313 <\/div><\/div><\/div><\/figcaption><\/figure><\/a><!--end av-masonry entry--><a href=\"https:\/\/www.lauro-art.com\/wordpress\/wp-content\/uploads\/2016\/07\/Roberto_Lauro_oelmalerei_web_OhneTitel_80x80cm_WV0312_2003_V2.jpg\" id='av-masonry-1-item-1203' data-av-masonry-item='1203' class='av-masonry-entry isotope-item post-1203 attachment type-attachment status-inherit hentry  av-masonry-item-with-image' title=\"Ohne Titel, 2003, 80x80 cm, WV 0312  \"  itemprop=\"contentURL\" ><div class='av-inner-masonry-sizer'><\/div><figure class='av-inner-masonry main_color'><div class=\"av-masonry-outerimage-container\"><div class=\"av-masonry-image-container\" style=\"background-image: url(https:\/\/www.lauro-art.com\/wordpress\/wp-content\/uploads\/2016\/07\/Roberto_Lauro_oelmalerei_web_OhneTitel_80x80cm_WV0312_2003_V2.jpg);\"><img src=\"https:\/\/www.lauro-art.com\/wordpress\/wp-content\/uploads\/2016\/07\/Roberto_Lauro_oelmalerei_web_OhneTitel_80x80cm_WV0312_2003_V2.jpg\" title=\"Roberto_Lauro_oelmalerei_web_OhneTitel_80x80cm_WV0312_2003_V2\" alt=\"\" \/><\/div><\/div><figcaption class='av-inner-masonry-content site-background'><div class='av-inner-masonry-content-pos'><div class='av-inner-masonry-content-pos-content'><div class='avia-arrow'><\/div><div class='av-masonry-entry-content entry-content'  itemprop=\"text\" >Ohne Titel, 2003, 80x80 cm, WV 0312  <\/div><\/div><\/div><\/figcaption><\/figure><\/a><!--end av-masonry entry--><a href=\"https:\/\/www.lauro-art.com\/wordpress\/wp-content\/uploads\/2016\/07\/Roberto_Lauro_oelmalerei_web_OhneTitel_80x80cm_WV0311_2003_V2.jpg\" id='av-masonry-1-item-1202' data-av-masonry-item='1202' class='av-masonry-entry isotope-item post-1202 attachment type-attachment status-inherit hentry  av-masonry-item-with-image' title=\"Piano play, 2003, 80x80 cm, WV 0311 \"  itemprop=\"contentURL\" ><div class='av-inner-masonry-sizer'><\/div><figure class='av-inner-masonry main_color'><div class=\"av-masonry-outerimage-container\"><div class=\"av-masonry-image-container\" style=\"background-image: url(https:\/\/www.lauro-art.com\/wordpress\/wp-content\/uploads\/2016\/07\/Roberto_Lauro_oelmalerei_web_OhneTitel_80x80cm_WV0311_2003_V2.jpg);\"><img src=\"https:\/\/www.lauro-art.com\/wordpress\/wp-content\/uploads\/2016\/07\/Roberto_Lauro_oelmalerei_web_OhneTitel_80x80cm_WV0311_2003_V2.jpg\" title=\"Roberto_Lauro_oelmalerei_web_OhneTitel_80x80cm_WV0311_2003_V2\" alt=\"\" \/><\/div><\/div><figcaption class='av-inner-masonry-content site-background'><div class='av-inner-masonry-content-pos'><div class='av-inner-masonry-content-pos-content'><div class='avia-arrow'><\/div><div class='av-masonry-entry-content entry-content'  itemprop=\"text\" >Piano play, 2003, 80x80 cm, WV 0311 <\/div><\/div><\/div><\/figcaption><\/figure><\/a><!--end av-masonry entry--><a href=\"https:\/\/www.lauro-art.com\/wordpress\/wp-content\/uploads\/2016\/07\/Roberto_Lauro_oelmalerei_web_OhneTitel_80x80cm_WV0217_2002_V2.jpg\" id='av-masonry-1-item-1201' data-av-masonry-item='1201' class='av-masonry-entry isotope-item post-1201 attachment type-attachment status-inherit hentry  av-masonry-item-with-image' title=\"Ohne Titel, 2002, 80x80 cm, WV 0214\"  itemprop=\"contentURL\" ><div class='av-inner-masonry-sizer'><\/div><figure class='av-inner-masonry main_color'><div class=\"av-masonry-outerimage-container\"><div class=\"av-masonry-image-container\" style=\"background-image: url(https:\/\/www.lauro-art.com\/wordpress\/wp-content\/uploads\/2016\/07\/Roberto_Lauro_oelmalerei_web_OhneTitel_80x80cm_WV0217_2002_V2.jpg);\"><img src=\"https:\/\/www.lauro-art.com\/wordpress\/wp-content\/uploads\/2016\/07\/Roberto_Lauro_oelmalerei_web_OhneTitel_80x80cm_WV0217_2002_V2.jpg\" title=\"Roberto_Lauro_oelmalerei_web_OhneTitel_80x80cm_WV0217_2002_V2\" alt=\"\" \/><\/div><\/div><figcaption class='av-inner-masonry-content site-background'><div class='av-inner-masonry-content-pos'><div class='av-inner-masonry-content-pos-content'><div class='avia-arrow'><\/div><div class='av-masonry-entry-content entry-content'  itemprop=\"text\" >Ohne Titel, 2002, 80x80 cm, WV 0214<\/div><\/div><\/div><\/figcaption><\/figure><\/a><!--end av-masonry entry--><a href=\"https:\/\/www.lauro-art.com\/wordpress\/wp-content\/uploads\/2016\/07\/Roberto_Lauro_oelmalerei_web_OhneTitel_80x80cm_WV0214_2002_V2.jpg\" id='av-masonry-1-item-1200' data-av-masonry-item='1200' class='av-masonry-entry isotope-item post-1200 attachment type-attachment status-inherit hentry  av-masonry-item-with-image' title=\"Ohne Titel, 2002, 80x80 cm, WV 0217\"  itemprop=\"contentURL\" ><div class='av-inner-masonry-sizer'><\/div><figure class='av-inner-masonry main_color'><div class=\"av-masonry-outerimage-container\"><div class=\"av-masonry-image-container\" style=\"background-image: url(https:\/\/www.lauro-art.com\/wordpress\/wp-content\/uploads\/2016\/07\/Roberto_Lauro_oelmalerei_web_OhneTitel_80x80cm_WV0214_2002_V2.jpg);\"><img src=\"https:\/\/www.lauro-art.com\/wordpress\/wp-content\/uploads\/2016\/07\/Roberto_Lauro_oelmalerei_web_OhneTitel_80x80cm_WV0214_2002_V2.jpg\" title=\"Roberto_Lauro_oelmalerei_web_OhneTitel_80x80cm_WV0214_2002_V2\" alt=\"\" \/><\/div><\/div><figcaption class='av-inner-masonry-content site-background'><div class='av-inner-masonry-content-pos'><div class='av-inner-masonry-content-pos-content'><div class='avia-arrow'><\/div><div class='av-masonry-entry-content entry-content'  itemprop=\"text\" >Ohne Titel, 2002, 80x80 cm, WV 0217<\/div><\/div><\/div><\/figcaption><\/figure><\/a><!--end av-masonry entry--><a href=\"https:\/\/www.lauro-art.com\/wordpress\/wp-content\/uploads\/2016\/07\/Roberto_Lauro_oelmalerei_web_OhneTitel_70x70cm_WV0016-a_2000_V2.jpg\" id='av-masonry-1-item-1199' data-av-masonry-item='1199' class='av-masonry-entry isotope-item post-1199 attachment type-attachment status-inherit hentry  av-masonry-item-with-image' title=\"Ohne Titel, 2000, 70x70 cm, WV 0015\"  itemprop=\"contentURL\" ><div class='av-inner-masonry-sizer'><\/div><figure class='av-inner-masonry main_color'><div class=\"av-masonry-outerimage-container\"><div class=\"av-masonry-image-container\" style=\"background-image: url(https:\/\/www.lauro-art.com\/wordpress\/wp-content\/uploads\/2016\/07\/Roberto_Lauro_oelmalerei_web_OhneTitel_70x70cm_WV0016-a_2000_V2.jpg);\"><img src=\"https:\/\/www.lauro-art.com\/wordpress\/wp-content\/uploads\/2016\/07\/Roberto_Lauro_oelmalerei_web_OhneTitel_70x70cm_WV0016-a_2000_V2.jpg\" title=\"Roberto_Lauro_oelmalerei_web_OhneTitel_70x70cm_WV0016-a_2000_V2\" alt=\"\" \/><\/div><\/div><figcaption class='av-inner-masonry-content site-background'><div class='av-inner-masonry-content-pos'><div class='av-inner-masonry-content-pos-content'><div class='avia-arrow'><\/div><div class='av-masonry-entry-content entry-content'  itemprop=\"text\" >Ohne Titel, 2000, 70x70 cm, WV 0015<\/div><\/div><\/div><\/figcaption><\/figure><\/a><!--end av-masonry entry--><a href=\"https:\/\/www.lauro-art.com\/wordpress\/wp-content\/uploads\/2016\/07\/Roberto_Lauro_oelmalerei_web_OhneTitel_70x70cm_WV0015_2000_V2.jpg\" id='av-masonry-1-item-1198' data-av-masonry-item='1198' class='av-masonry-entry isotope-item post-1198 attachment type-attachment status-inherit hentry  av-masonry-item-with-image' title=\"Ohne Titel, 2000, 70x70 cm, WV 0016\"  itemprop=\"contentURL\" ><div class='av-inner-masonry-sizer'><\/div><figure class='av-inner-masonry main_color'><div class=\"av-masonry-outerimage-container\"><div class=\"av-masonry-image-container\" style=\"background-image: url(https:\/\/www.lauro-art.com\/wordpress\/wp-content\/uploads\/2016\/07\/Roberto_Lauro_oelmalerei_web_OhneTitel_70x70cm_WV0015_2000_V2.jpg);\"><img src=\"https:\/\/www.lauro-art.com\/wordpress\/wp-content\/uploads\/2016\/07\/Roberto_Lauro_oelmalerei_web_OhneTitel_70x70cm_WV0015_2000_V2.jpg\" title=\"Roberto_Lauro_oelmalerei_web_OhneTitel_70x70cm_WV0015_2000_V2\" alt=\"\" \/><\/div><\/div><figcaption class='av-inner-masonry-content site-background'><div class='av-inner-masonry-content-pos'><div class='av-inner-masonry-content-pos-content'><div class='avia-arrow'><\/div><div class='av-masonry-entry-content entry-content'  itemprop=\"text\" >Ohne Titel, 2000, 70x70 cm, WV 0016<\/div><\/div><\/div><\/figcaption><\/figure><\/a><!--end av-masonry entry--><\/div><\/div><\/div>\n","protected":false},"excerpt":{"rendered":"","protected":false},"author":1,"featured_media":0,"parent":0,"menu_order":0,"comment_status":"closed","ping_status":"closed","template":"","meta":[],"_links":{"self":[{"href":"https:\/\/www.lauro-art.com\/wordpress\/wp-json\/wp\/v2\/pages\/625"}],"collection":[{"href":"https:\/\/www.lauro-art.com\/wordpress\/wp-json\/wp\/v2\/pages"}],"about":[{"href":"https:\/\/www.lauro-art.com\/wordpress\/wp-json\/wp\/v2\/types\/page"}],"author":[{"embeddable":true,"href":"https:\/\/www.lauro-art.com\/wordpress\/wp-json\/wp\/v2\/users\/1"}],"replies":[{"embeddable":true,"href":"https:\/\/www.lauro-art.com\/wordpress\/wp-json\/wp\/v2\/comments?post=625"}],"version-history":[{"count":35,"href":"https:\/\/www.lauro-art.com\/wordpress\/wp-json\/wp\/v2\/pages\/625\/revisions"}],"predecessor-version":[{"id":1430,"href":"https:\/\/www.lauro-art.com\/wordpress\/wp-json\/wp\/v2\/pages\/625\/revisions\/1430"}],"wp:attachment":[{"href":"https:\/\/www.lauro-art.com\/wordpress\/wp-json\/wp\/v2\/media?parent=625"}],"curies":[{"name":"wp","href":"https:\/\/api.w.org\/{rel}","templated":true}]}}