{"id":631,"date":"2016-07-27T13:01:51","date_gmt":"2016-07-27T13:01:51","guid":{"rendered":"http:\/\/www.lauro-art.ch\/wordpress\/?page_id=631"},"modified":"2021-09-25T08:32:29","modified_gmt":"2021-09-25T08:32:29","slug":"roberto-lauro-skulpturen","status":"publish","type":"page","link":"https:\/\/www.lauro-art.com\/wordpress\/roberto-lauro-skulpturen\/","title":{"rendered":"Skulpturen"},"content":{"rendered":"<\/div><\/div><\/div><!-- close content main div --><\/div><\/div><div id='full_slider_1' class='avia-fullwidth-slider main_color avia-shadow  container_wrap fullsize'   ><div  data-size='no scaling'  data-lightbox_size='large'  data-animation='slide'  data-ids='1301'  data-video_counter='0'  data-autoplay='false'  data-bg_slider='false'  data-slide_height=''  data-handle='av_slideshow_full'  data-interval='5'  data-class=' '  data-css_id=''  data-scroll_down=''  data-control_layout='av-control-default'  data-custom_markup=''  data-perma_caption=''  data-autoplay_stopper=''  data-src=''  data-position='top left'  data-repeat='no-repeat'  data-attach='scroll'  data-stretch=''  class='avia-slideshow avia-slideshow-1  av-control-default av-default-height-applied avia-slideshow-no scaling av_slideshow_full   avia-slide-slider '  itemscope=\"itemscope\" itemtype=\"https:\/\/schema.org\/ImageObject\" ><ul class='avia-slideshow-inner' style='padding-bottom: 25.595238095238%;'><li  class=' av-single-slide slide-1 ' ><div data-rel='slideshow-1' class='avia-slide-wrap'  ><img src='https:\/\/www.lauro-art.com\/wordpress\/wp-content\/uploads\/2016\/07\/Roberto_Lauro_Klangrhythmen_47x38_2006_KleineSkulpturen_Detail_Slider_1.jpg' width='1680' height='430' title='Roberto_Lauro_Klangrhythmen_47x38_2006_KleineSkulpturen_Detail_Slider_1' alt=''  itemprop=\"contentURL\"  \/><\/div><\/li><\/ul><\/div><\/div>\n<div class=\"flex_column av_three_fifth  flex_column_div av-zero-column-padding first  \" style='border-radius:0px; '><div  class='avia-video avia-video-16-9  '  itemprop=\"video\" itemtype=\"https:\/\/schema.org\/VideoObject\" ><div class='avia-iframe-wrap'><iframe src=\"https:\/\/player.vimeo.com\/video\/177211411\" width=\"320\" height=\"240\" frameborder=\"0\" title=\"Glas-Metall Skulpturen\" webkitallowfullscreen mozallowfullscreen allowfullscreen><\/iframe><\/div><\/div><\/div>\n<div class=\"flex_column av_two_fifth  flex_column_div av-zero-column-padding   \" style='border-radius:0px; '><p><div style='padding-bottom:10px;' class='av-special-heading av-special-heading-h3    '><h3 class='av-special-heading-tag'  itemprop=\"headline\"  >Skulpturen<\/h3><div class='special-heading-border'><div class='special-heading-inner-border' ><\/div><\/div><\/div><br \/>\n<section class=\"av_textblock_section\"  itemscope=\"itemscope\" itemtype=\"https:\/\/schema.org\/CreativeWork\" ><div class='avia_textblock '   itemprop=\"text\" ><p>Wesentlich bleibt der Begriff der Metamorphose des ver\u00e4nderbaren Bildes, das Roberto Lauro immer wieder sucht. Diesem Gedanken folgt jede Plastik, die sich dem Umschreitenden aus immer neuen Blickwinkeln pr\u00e4sentiert. Die Einbeziehung des Glases erm\u00f6glicht diese Ver\u00e4nderbarkeit auch bei gleichbleibender Position des Betrachters. Eine besondere Spannung und Aussagekraft der Farben zeigen die Aussenskulpturen, die sich durch die im Glas gefangene nat\u00fcrliche Wandlung des Tageslichtes ergibt.<\/p>\n<\/div><\/section><br \/>\n<div style='height:15px' class='hr hr-invisible '><span class='hr-inner ' ><span class='hr-inner-style'><\/span><\/span><\/div><br \/>\n<div style='padding-bottom:10px;' class='av-special-heading av-special-heading-h4   '><h4 class='av-special-heading-tag'  itemprop=\"headline\"  ><span class='special_amp'>&#8222;<\/span>Die Lichteffekte meiner Skulpturen sind wie Kaleidoskope von Aquarellen.<span class='special_amp'>&#8220;<\/span><\/h4><div class='special-heading-border'><div class='special-heading-inner-border' ><\/div><\/div><\/div><br \/>\n<div style='height:10px' class='hr hr-invisible '><span class='hr-inner ' ><span class='hr-inner-style'><\/span><\/span><\/div><br \/>\n<section class=\"av_textblock_section\"  itemscope=\"itemscope\" itemtype=\"https:\/\/schema.org\/CreativeWork\" ><div class='avia_textblock '   itemprop=\"text\" ><p style=\"text-align: right;\">Roberto Lauro, Z\u00fcrich 2014<\/p>\n<\/div><\/section><\/p><\/div>\n<div  class='hr hr-default '><span class='hr-inner ' ><span class='hr-inner-style'><\/span><\/span><\/div>\n<div class=\"flex_column av_one_full  flex_column_div av-zero-column-padding first  \" style='border-radius:0px; '><p><div style='padding-bottom:10px;' class='av-special-heading av-special-heading-h3    '><h3 class='av-special-heading-tag'  itemprop=\"headline\"  >Skulpturen <\/h3><div class='special-heading-border'><div class='special-heading-inner-border' ><\/div><\/div><\/div><br \/>\n<div id='av-masonry-1' class='av-masonry noHover av-flex-size av-large-gap av-hover-overlay- av-masonry-col-5 av-caption-always av-caption-style- av-masonry-gallery  '  ><div class='av-masonry-container isotope av-js-disabled ' ><div class='av-masonry-entry isotope-item av-masonry-item-no-image '><\/div><a href=\"https:\/\/www.lauro-art.com\/wordpress\/wp-content\/uploads\/2016\/07\/Roberto-Lauro-Relationship-2015-91x70_V2.jpg\" id='av-masonry-1-item-1101' data-av-masonry-item='1101' class='av-masonry-entry isotope-item post-1101 attachment type-attachment status-inherit hentry  av-masonry-item-with-image' title=\"Relationship, 2015, 91x70 cm, WV 1501\"  itemprop=\"contentURL\" ><div class='av-inner-masonry-sizer'><\/div><figure class='av-inner-masonry main_color'><div class=\"av-masonry-outerimage-container\"><div class=\"av-masonry-image-container\" style=\"background-image: url(https:\/\/www.lauro-art.com\/wordpress\/wp-content\/uploads\/2016\/07\/Roberto-Lauro-Relationship-2015-91x70_V2.jpg);\"><img src=\"https:\/\/www.lauro-art.com\/wordpress\/wp-content\/uploads\/2016\/07\/Roberto-Lauro-Relationship-2015-91x70_V2.jpg\" title=\"Roberto-Lauro-Relationship-2015-91x70_V2\" alt=\"\" \/><\/div><\/div><figcaption class='av-inner-masonry-content site-background'><div class='av-inner-masonry-content-pos'><div class='av-inner-masonry-content-pos-content'><div class='avia-arrow'><\/div><div class='av-masonry-entry-content entry-content'  itemprop=\"text\" >Relationship, 2015, 91x70 cm, WV 1501<\/div><\/div><\/div><\/figcaption><\/figure><\/a><!--end av-masonry entry--><a href=\"https:\/\/www.lauro-art.com\/wordpress\/wp-content\/uploads\/2016\/07\/Roberto-Lauro-Begegnung-2015-60x60_V2.jpg\" id='av-masonry-1-item-1099' data-av-masonry-item='1099' class='av-masonry-entry isotope-item post-1099 attachment type-attachment status-inherit hentry  av-masonry-item-with-image' title=\"Begegnung, 2015, 60x60 cm, WV 1502\"  itemprop=\"contentURL\" ><div class='av-inner-masonry-sizer'><\/div><figure class='av-inner-masonry main_color'><div class=\"av-masonry-outerimage-container\"><div class=\"av-masonry-image-container\" style=\"background-image: url(https:\/\/www.lauro-art.com\/wordpress\/wp-content\/uploads\/2016\/07\/Roberto-Lauro-Begegnung-2015-60x60_V2.jpg);\"><img src=\"https:\/\/www.lauro-art.com\/wordpress\/wp-content\/uploads\/2016\/07\/Roberto-Lauro-Begegnung-2015-60x60_V2.jpg\" title=\"Roberto-Lauro-Begegnung-2015-60x60_V2\" alt=\"\" \/><\/div><\/div><figcaption class='av-inner-masonry-content site-background'><div class='av-inner-masonry-content-pos'><div class='av-inner-masonry-content-pos-content'><div class='avia-arrow'><\/div><div class='av-masonry-entry-content entry-content'  itemprop=\"text\" >Begegnung, 2015, 60x60 cm, WV 1502<\/div><\/div><\/div><\/figcaption><\/figure><\/a><!--end av-masonry entry--><a href=\"https:\/\/www.lauro-art.com\/wordpress\/wp-content\/uploads\/2016\/07\/Roberto-Lauro-Walzer-2015-82x53-WV.1503_V2.jpg\" id='av-masonry-1-item-1102' data-av-masonry-item='1102' class='av-masonry-entry isotope-item post-1102 attachment type-attachment status-inherit hentry  av-masonry-item-with-image' title=\"Walzer, 2015, 82x53 cm, WV 1503\"  itemprop=\"contentURL\" ><div class='av-inner-masonry-sizer'><\/div><figure class='av-inner-masonry main_color'><div class=\"av-masonry-outerimage-container\"><div class=\"av-masonry-image-container\" style=\"background-image: url(https:\/\/www.lauro-art.com\/wordpress\/wp-content\/uploads\/2016\/07\/Roberto-Lauro-Walzer-2015-82x53-WV.1503_V2.jpg);\"><img src=\"https:\/\/www.lauro-art.com\/wordpress\/wp-content\/uploads\/2016\/07\/Roberto-Lauro-Walzer-2015-82x53-WV.1503_V2.jpg\" title=\"Roberto-Lauro-Walzer-2015-82&#215;53-WV.1503_V2\" alt=\"\" \/><\/div><\/div><figcaption class='av-inner-masonry-content site-background'><div class='av-inner-masonry-content-pos'><div class='av-inner-masonry-content-pos-content'><div class='avia-arrow'><\/div><div class='av-masonry-entry-content entry-content'  itemprop=\"text\" >Walzer, 2015, 82x53 cm, WV 1503<\/div><\/div><\/div><\/figcaption><\/figure><\/a><!--end av-masonry entry--><a href=\"https:\/\/www.lauro-art.com\/wordpress\/wp-content\/uploads\/2016\/07\/Roberto-Lauro-Gaukler-2014-45x46-WV.1402_V2.jpg\" id='av-masonry-1-item-1100' data-av-masonry-item='1100' class='av-masonry-entry isotope-item post-1100 attachment type-attachment status-inherit hentry  av-masonry-item-with-image' title=\"Gaukler, 2014, 45x46 cm, WV 1402\"  itemprop=\"contentURL\" ><div class='av-inner-masonry-sizer'><\/div><figure class='av-inner-masonry main_color'><div class=\"av-masonry-outerimage-container\"><div class=\"av-masonry-image-container\" style=\"background-image: url(https:\/\/www.lauro-art.com\/wordpress\/wp-content\/uploads\/2016\/07\/Roberto-Lauro-Gaukler-2014-45x46-WV.1402_V2.jpg);\"><img src=\"https:\/\/www.lauro-art.com\/wordpress\/wp-content\/uploads\/2016\/07\/Roberto-Lauro-Gaukler-2014-45x46-WV.1402_V2.jpg\" title=\"Roberto-Lauro-Gaukler-2014-45&#215;46-WV.1402_V2\" alt=\"\" \/><\/div><\/div><figcaption class='av-inner-masonry-content site-background'><div class='av-inner-masonry-content-pos'><div class='av-inner-masonry-content-pos-content'><div class='avia-arrow'><\/div><div class='av-masonry-entry-content entry-content'  itemprop=\"text\" >Gaukler, 2014, 45x46 cm, WV 1402<\/div><\/div><\/div><\/figcaption><\/figure><\/a><!--end av-masonry entry--><a href=\"https:\/\/www.lauro-art.com\/wordpress\/wp-content\/uploads\/2016\/07\/Roberto_Lauro_49x46_2014_KleineSkulpturen_V2.jpg\" id='av-masonry-1-item-1098' data-av-masonry-item='1098' class='av-masonry-entry isotope-item post-1098 attachment type-attachment status-inherit hentry  av-masonry-item-with-image' title=\"Balance, 2014, 49 x 46 cm, WV 1403\"  itemprop=\"contentURL\" ><div class='av-inner-masonry-sizer'><\/div><figure class='av-inner-masonry main_color'><div class=\"av-masonry-outerimage-container\"><div class=\"av-masonry-image-container\" style=\"background-image: url(https:\/\/www.lauro-art.com\/wordpress\/wp-content\/uploads\/2016\/07\/Roberto_Lauro_49x46_2014_KleineSkulpturen_V2.jpg);\"><img src=\"https:\/\/www.lauro-art.com\/wordpress\/wp-content\/uploads\/2016\/07\/Roberto_Lauro_49x46_2014_KleineSkulpturen_V2.jpg\" title=\"Roberto_Lauro_49x46_2014_KleineSkulpturen_V2\" alt=\"Balance, 2014, 49 x 46 cm, WV 1403\" \/><\/div><\/div><figcaption class='av-inner-masonry-content site-background'><div class='av-inner-masonry-content-pos'><div class='av-inner-masonry-content-pos-content'><div class='avia-arrow'><\/div><div class='av-masonry-entry-content entry-content'  itemprop=\"text\" >Balance, 2014, 49x46 cm, WV 1403<\/div><\/div><\/div><\/figcaption><\/figure><\/a><!--end av-masonry entry--><a href=\"https:\/\/www.lauro-art.com\/wordpress\/wp-content\/uploads\/2016\/07\/Roberto-Lauro-Sinfonietta-2014-90x70-1404_V2.jpg\" id='av-masonry-1-item-1128' data-av-masonry-item='1128' class='av-masonry-entry isotope-item post-1128 attachment type-attachment status-inherit hentry  av-masonry-item-with-image' title=\"Sinfonietta, 2014, 90x70 cm, WV 1404\"  itemprop=\"contentURL\" ><div class='av-inner-masonry-sizer'><\/div><figure class='av-inner-masonry main_color'><div class=\"av-masonry-outerimage-container\"><div class=\"av-masonry-image-container\" style=\"background-image: url(https:\/\/www.lauro-art.com\/wordpress\/wp-content\/uploads\/2016\/07\/Roberto-Lauro-Sinfonietta-2014-90x70-1404_V2.jpg);\"><img src=\"https:\/\/www.lauro-art.com\/wordpress\/wp-content\/uploads\/2016\/07\/Roberto-Lauro-Sinfonietta-2014-90x70-1404_V2.jpg\" title=\"Roberto-Lauro-Sinfonietta-2014-90&#215;70-1404_V2\" alt=\"\" \/><\/div><\/div><figcaption class='av-inner-masonry-content site-background'><div class='av-inner-masonry-content-pos'><div class='av-inner-masonry-content-pos-content'><div class='avia-arrow'><\/div><div class='av-masonry-entry-content entry-content'  itemprop=\"text\" >Sinfonietta, 2014, 90x70 cm, WV 1404<\/div><\/div><\/div><\/figcaption><\/figure><\/a><!--end av-masonry entry--><a href=\"https:\/\/www.lauro-art.com\/wordpress\/wp-content\/uploads\/2016\/07\/Roberto_Lauro_75x50_2013_KleineSkulpturen_V2.jpg\" id='av-masonry-1-item-1139' data-av-masonry-item='1139' class='av-masonry-entry isotope-item post-1139 attachment type-attachment status-inherit hentry  av-masonry-item-with-image' title=\"R\u00e4derwerk, 2013,  75x50 cm, WV 1314\"  itemprop=\"contentURL\" ><div class='av-inner-masonry-sizer'><\/div><figure class='av-inner-masonry main_color'><div class=\"av-masonry-outerimage-container\"><div class=\"av-masonry-image-container\" style=\"background-image: url(https:\/\/www.lauro-art.com\/wordpress\/wp-content\/uploads\/2016\/07\/Roberto_Lauro_75x50_2013_KleineSkulpturen_V2.jpg);\"><img src=\"https:\/\/www.lauro-art.com\/wordpress\/wp-content\/uploads\/2016\/07\/Roberto_Lauro_75x50_2013_KleineSkulpturen_V2.jpg\" title=\"Roberto_Lauro_75x50_2013_KleineSkulpturen_V2\" alt=\"\" \/><\/div><\/div><figcaption class='av-inner-masonry-content site-background'><div class='av-inner-masonry-content-pos'><div class='av-inner-masonry-content-pos-content'><div class='avia-arrow'><\/div><div class='av-masonry-entry-content entry-content'  itemprop=\"text\" >R\u00e4derwerk, 2013,  75x50 cm, WV 1314<\/div><\/div><\/div><\/figcaption><\/figure><\/a><!--end av-masonry entry--><a href=\"https:\/\/www.lauro-art.com\/wordpress\/wp-content\/uploads\/2016\/07\/Roberto_Lauro_74x44_2013_KleineSkulpturen_V2.jpg\" id='av-masonry-1-item-1138' data-av-masonry-item='1138' class='av-masonry-entry isotope-item post-1138 attachment type-attachment status-inherit hentry  av-masonry-item-with-image' title=\"Fiore, 2013,  74x50 cm, WV 1316\"  itemprop=\"contentURL\" ><div class='av-inner-masonry-sizer'><\/div><figure class='av-inner-masonry main_color'><div class=\"av-masonry-outerimage-container\"><div class=\"av-masonry-image-container\" style=\"background-image: url(https:\/\/www.lauro-art.com\/wordpress\/wp-content\/uploads\/2016\/07\/Roberto_Lauro_74x44_2013_KleineSkulpturen_V2.jpg);\"><img src=\"https:\/\/www.lauro-art.com\/wordpress\/wp-content\/uploads\/2016\/07\/Roberto_Lauro_74x44_2013_KleineSkulpturen_V2.jpg\" title=\"Roberto_Lauro_74x44_2013_KleineSkulpturen_V2\" alt=\"\" \/><\/div><\/div><figcaption class='av-inner-masonry-content site-background'><div class='av-inner-masonry-content-pos'><div class='av-inner-masonry-content-pos-content'><div class='avia-arrow'><\/div><div class='av-masonry-entry-content entry-content'  itemprop=\"text\" >Fiore, 2013,  74x50 cm, WV 1316<\/div><\/div><\/div><\/figcaption><\/figure><\/a><!--end av-masonry entry--><a href=\"https:\/\/www.lauro-art.com\/wordpress\/wp-content\/uploads\/2016\/07\/Roberto_Lauro_OhneTitle_64x51_2004_KleineSkulpturen_V2.jpg\" id='av-masonry-1-item-1136' data-av-masonry-item='1136' class='av-masonry-entry isotope-item post-1136 attachment type-attachment status-inherit hentry  av-masonry-item-with-image' title=\"Speil der Formen, 2004, 64x51 cm, WV 0408\"  itemprop=\"contentURL\" ><div class='av-inner-masonry-sizer'><\/div><figure class='av-inner-masonry main_color'><div class=\"av-masonry-outerimage-container\"><div class=\"av-masonry-image-container\" style=\"background-image: url(https:\/\/www.lauro-art.com\/wordpress\/wp-content\/uploads\/2016\/07\/Roberto_Lauro_OhneTitle_64x51_2004_KleineSkulpturen_V2.jpg);\"><img src=\"https:\/\/www.lauro-art.com\/wordpress\/wp-content\/uploads\/2016\/07\/Roberto_Lauro_OhneTitle_64x51_2004_KleineSkulpturen_V2.jpg\" title=\"Roberto_Lauro_OhneTitle_64x51_2004_KleineSkulpturen_V2\" alt=\"\" \/><\/div><\/div><figcaption class='av-inner-masonry-content site-background'><div class='av-inner-masonry-content-pos'><div class='av-inner-masonry-content-pos-content'><div class='avia-arrow'><\/div><div class='av-masonry-entry-content entry-content'  itemprop=\"text\" >Speil der Formen, 2004, 64x51 cm, WV 0408<\/div><\/div><\/div><\/figcaption><\/figure><\/a><!--end av-masonry entry--><a href=\"https:\/\/www.lauro-art.com\/wordpress\/wp-content\/uploads\/2016\/07\/Roberto-Lauro-Maschine-1997-40x70_V2.jpg\" id='av-masonry-1-item-1131' data-av-masonry-item='1131' class='av-masonry-entry isotope-item post-1131 attachment type-attachment status-inherit hentry  av-masonry-item-with-image' title=\"Maschine, 1997, 40x70 cm, WV 9733\"  itemprop=\"contentURL\" ><div class='av-inner-masonry-sizer'><\/div><figure class='av-inner-masonry main_color'><div class=\"av-masonry-outerimage-container\"><div class=\"av-masonry-image-container\" style=\"background-image: url(https:\/\/www.lauro-art.com\/wordpress\/wp-content\/uploads\/2016\/07\/Roberto-Lauro-Maschine-1997-40x70_V2.jpg);\"><img src=\"https:\/\/www.lauro-art.com\/wordpress\/wp-content\/uploads\/2016\/07\/Roberto-Lauro-Maschine-1997-40x70_V2.jpg\" title=\"Roberto-Lauro-Maschine-1997-40x70_V2\" alt=\"\" \/><\/div><\/div><figcaption class='av-inner-masonry-content site-background'><div class='av-inner-masonry-content-pos'><div class='av-inner-masonry-content-pos-content'><div class='avia-arrow'><\/div><div class='av-masonry-entry-content entry-content'  itemprop=\"text\" >Maschine, 1997, 40x70 cm, WV 9733<\/div><\/div><\/div><\/figcaption><\/figure><\/a><!--end av-masonry entry--><a href=\"https:\/\/www.lauro-art.com\/wordpress\/wp-content\/uploads\/2016\/07\/Roberto-Lauro-Gruenes-Band-1997-40x70_V2.jpg\" id='av-masonry-1-item-1129' data-av-masonry-item='1129' class='av-masonry-entry isotope-item post-1129 attachment type-attachment status-inherit hentry  av-masonry-item-with-image' title=\"Gr\u00fcnes Band, 1997, 40x70 cm, WV 9705\"  itemprop=\"contentURL\" ><div class='av-inner-masonry-sizer'><\/div><figure class='av-inner-masonry main_color'><div class=\"av-masonry-outerimage-container\"><div class=\"av-masonry-image-container\" style=\"background-image: url(https:\/\/www.lauro-art.com\/wordpress\/wp-content\/uploads\/2016\/07\/Roberto-Lauro-Gruenes-Band-1997-40x70_V2.jpg);\"><img src=\"https:\/\/www.lauro-art.com\/wordpress\/wp-content\/uploads\/2016\/07\/Roberto-Lauro-Gruenes-Band-1997-40x70_V2.jpg\" title=\"Roberto-Lauro-Gruenes-Band-1997-40x70_V2\" alt=\"\" \/><\/div><\/div><figcaption class='av-inner-masonry-content site-background'><div class='av-inner-masonry-content-pos'><div class='av-inner-masonry-content-pos-content'><div class='avia-arrow'><\/div><div class='av-masonry-entry-content entry-content'  itemprop=\"text\" >Gr\u00fcnes Band, 1997, 40x70 cm, WV 9705<\/div><\/div><\/div><\/figcaption><\/figure><\/a><!--end av-masonry entry--><a href=\"https:\/\/www.lauro-art.com\/wordpress\/wp-content\/uploads\/2016\/07\/Roberto-Lauro-Woge-1996-55x62_V2.jpg\" id='av-masonry-1-item-1134' data-av-masonry-item='1134' class='av-masonry-entry isotope-item post-1134 attachment type-attachment status-inherit hentry  av-masonry-item-with-image' title=\"Woge, 1996, 55x62 cm, WV 9602\"  itemprop=\"contentURL\" ><div class='av-inner-masonry-sizer'><\/div><figure class='av-inner-masonry main_color'><div class=\"av-masonry-outerimage-container\"><div class=\"av-masonry-image-container\" style=\"background-image: url(https:\/\/www.lauro-art.com\/wordpress\/wp-content\/uploads\/2016\/07\/Roberto-Lauro-Woge-1996-55x62_V2.jpg);\"><img src=\"https:\/\/www.lauro-art.com\/wordpress\/wp-content\/uploads\/2016\/07\/Roberto-Lauro-Woge-1996-55x62_V2.jpg\" title=\"Roberto-Lauro-Woge-1996-55x62_V2\" alt=\"\" \/><\/div><\/div><figcaption class='av-inner-masonry-content site-background'><div class='av-inner-masonry-content-pos'><div class='av-inner-masonry-content-pos-content'><div class='avia-arrow'><\/div><div class='av-masonry-entry-content entry-content'  itemprop=\"text\" >Woge, 1996, 55x62 cm, WV 9602<\/div><\/div><\/div><\/figcaption><\/figure><\/a><!--end av-masonry entry--><a href=\"https:\/\/www.lauro-art.com\/wordpress\/wp-content\/uploads\/2016\/07\/Roberto-Lauro-Rinnende-Zeit-1991-55x65_V2.jpg\" id='av-masonry-1-item-1133' data-av-masonry-item='1133' class='av-masonry-entry isotope-item post-1133 attachment type-attachment status-inherit hentry  av-masonry-item-with-image' title=\"Rinnende Zeit, 1991, 55x65 cm, WV 9119\"  itemprop=\"contentURL\" ><div class='av-inner-masonry-sizer'><\/div><figure class='av-inner-masonry main_color'><div class=\"av-masonry-outerimage-container\"><div class=\"av-masonry-image-container\" style=\"background-image: url(https:\/\/www.lauro-art.com\/wordpress\/wp-content\/uploads\/2016\/07\/Roberto-Lauro-Rinnende-Zeit-1991-55x65_V2.jpg);\"><img src=\"https:\/\/www.lauro-art.com\/wordpress\/wp-content\/uploads\/2016\/07\/Roberto-Lauro-Rinnende-Zeit-1991-55x65_V2.jpg\" title=\"Roberto-Lauro-Rinnende-Zeit-1991-55x65_V2\" alt=\"\" \/><\/div><\/div><figcaption class='av-inner-masonry-content site-background'><div class='av-inner-masonry-content-pos'><div class='av-inner-masonry-content-pos-content'><div class='avia-arrow'><\/div><div class='av-masonry-entry-content entry-content'  itemprop=\"text\" >Rinnende Zeit, 1991, 55x65 cm, WV 9119<\/div><\/div><\/div><\/figcaption><\/figure><\/a><!--end av-masonry entry--><a href=\"https:\/\/www.lauro-art.com\/wordpress\/wp-content\/uploads\/2016\/07\/Roberto-Lauro-Zeitrad-1991-55x75_V2.jpg\" id='av-masonry-1-item-1135' data-av-masonry-item='1135' class='av-masonry-entry isotope-item post-1135 attachment type-attachment status-inherit hentry  av-masonry-item-with-image' title=\"Zeitrad, 1991, 55x75 cm, WV 9121\"  itemprop=\"contentURL\" ><div class='av-inner-masonry-sizer'><\/div><figure class='av-inner-masonry main_color'><div class=\"av-masonry-outerimage-container\"><div class=\"av-masonry-image-container\" style=\"background-image: url(https:\/\/www.lauro-art.com\/wordpress\/wp-content\/uploads\/2016\/07\/Roberto-Lauro-Zeitrad-1991-55x75_V2.jpg);\"><img src=\"https:\/\/www.lauro-art.com\/wordpress\/wp-content\/uploads\/2016\/07\/Roberto-Lauro-Zeitrad-1991-55x75_V2.jpg\" title=\"Roberto-Lauro-Zeitrad-1991-55x75_V2\" alt=\"\" \/><\/div><\/div><figcaption class='av-inner-masonry-content site-background'><div class='av-inner-masonry-content-pos'><div class='av-inner-masonry-content-pos-content'><div class='avia-arrow'><\/div><div class='av-masonry-entry-content entry-content'  itemprop=\"text\" >Zeitrad, 1991, 55x75 cm, WV 9121<\/div><\/div><\/div><\/figcaption><\/figure><\/a><!--end av-masonry entry--><a href=\"https:\/\/www.lauro-art.com\/wordpress\/wp-content\/uploads\/2016\/07\/Roberto-Lauro-Magischer-Ball-1990-40x40_V2.jpg\" id='av-masonry-1-item-1130' data-av-masonry-item='1130' class='av-masonry-entry isotope-item post-1130 attachment type-attachment status-inherit hentry  av-masonry-item-with-image' title=\"Magischer Ball, 1990, 40x40 cm WV 9055\"  itemprop=\"contentURL\" ><div class='av-inner-masonry-sizer'><\/div><figure class='av-inner-masonry main_color'><div class=\"av-masonry-outerimage-container\"><div class=\"av-masonry-image-container\" style=\"background-image: url(https:\/\/www.lauro-art.com\/wordpress\/wp-content\/uploads\/2016\/07\/Roberto-Lauro-Magischer-Ball-1990-40x40_V2.jpg);\"><img src=\"https:\/\/www.lauro-art.com\/wordpress\/wp-content\/uploads\/2016\/07\/Roberto-Lauro-Magischer-Ball-1990-40x40_V2.jpg\" title=\"Roberto-Lauro-Magischer-Ball-1990-40x40_V2\" alt=\"\" \/><\/div><\/div><figcaption class='av-inner-masonry-content site-background'><div class='av-inner-masonry-content-pos'><div class='av-inner-masonry-content-pos-content'><div class='avia-arrow'><\/div><div class='av-masonry-entry-content entry-content'  itemprop=\"text\" >Magischer Ball, 1990, 40x40 cm WV 9055<\/div><\/div><\/div><\/figcaption><\/figure><\/a><!--end av-masonry entry--><\/div><\/div><\/p><\/div>\n<div class=\"flex_column av_one_full  flex_column_div av-zero-column-padding first  \" style='border-radius:0px; '><p><div style='height:30px' class='hr hr-invisible '><span class='hr-inner ' ><span class='hr-inner-style'><\/span><\/span><\/div><br \/>\n<div style='padding-bottom:10px;' class='av-special-heading av-special-heading-h3    '><h3 class='av-special-heading-tag'  itemprop=\"headline\"  >Gross-Skulpturen<\/h3><div class='special-heading-border'><div class='special-heading-inner-border' ><\/div><\/div><\/div><br \/>\n<div style='height:30px' class='hr hr-invisible '><span class='hr-inner ' ><span class='hr-inner-style'><\/span><\/span><\/div><br \/>\n<div id='av-masonry-2' class='av-masonry noHover av-flex-size av-large-gap av-hover-overlay- av-masonry-col-5 av-caption-always av-caption-style- av-masonry-gallery  '  ><div class='av-masonry-container isotope av-js-disabled ' ><div class='av-masonry-entry isotope-item av-masonry-item-no-image '><\/div><a href=\"https:\/\/www.lauro-art.com\/wordpress\/wp-content\/uploads\/2016\/07\/Roberto_Lauro_Joy_180x160_2014_GrosseSkulpturen_V2.jpg\" id='av-masonry-2-item-1140' data-av-masonry-item='1140' class='av-masonry-entry isotope-item post-1140 attachment type-attachment status-inherit hentry  av-masonry-item-with-image' title=\"Joy, 2014, 180x160 cm, WV 1401\"  itemprop=\"contentURL\" ><div class='av-inner-masonry-sizer'><\/div><figure class='av-inner-masonry main_color'><div class=\"av-masonry-outerimage-container\"><div class=\"av-masonry-image-container\" style=\"background-image: url(https:\/\/www.lauro-art.com\/wordpress\/wp-content\/uploads\/2016\/07\/Roberto_Lauro_Joy_180x160_2014_GrosseSkulpturen_V2.jpg);\"><img src=\"https:\/\/www.lauro-art.com\/wordpress\/wp-content\/uploads\/2016\/07\/Roberto_Lauro_Joy_180x160_2014_GrosseSkulpturen_V2.jpg\" title=\"Roberto_Lauro_Joy_180x160_2014_GrosseSkulpturen_V2\" alt=\"\" \/><\/div><\/div><figcaption class='av-inner-masonry-content site-background'><div class='av-inner-masonry-content-pos'><div class='av-inner-masonry-content-pos-content'><div class='avia-arrow'><\/div><div class='av-masonry-entry-content entry-content'  itemprop=\"text\" >Joy, 2014, 180x160 cm, WV 1401<\/div><\/div><\/div><\/figcaption><\/figure><\/a><!--end av-masonry entry--><a href=\"https:\/\/www.lauro-art.com\/wordpress\/wp-content\/uploads\/2016\/07\/Roberto-Lauro-Papagena-2009-320x240_V2.jpg\" id='av-masonry-2-item-1132' data-av-masonry-item='1132' class='av-masonry-entry isotope-item post-1132 attachment type-attachment status-inherit hentry  av-masonry-item-with-image' title=\"Papagena, 2009, 320x240 cm, WV 0902\"  itemprop=\"contentURL\" ><div class='av-inner-masonry-sizer'><\/div><figure class='av-inner-masonry main_color'><div class=\"av-masonry-outerimage-container\"><div class=\"av-masonry-image-container\" style=\"background-image: url(https:\/\/www.lauro-art.com\/wordpress\/wp-content\/uploads\/2016\/07\/Roberto-Lauro-Papagena-2009-320x240_V2.jpg);\"><img src=\"https:\/\/www.lauro-art.com\/wordpress\/wp-content\/uploads\/2016\/07\/Roberto-Lauro-Papagena-2009-320x240_V2.jpg\" title=\"Roberto-Lauro-Papagena-2009-320x240_V2\" alt=\"\" \/><\/div><\/div><figcaption class='av-inner-masonry-content site-background'><div class='av-inner-masonry-content-pos'><div class='av-inner-masonry-content-pos-content'><div class='avia-arrow'><\/div><div class='av-masonry-entry-content entry-content'  itemprop=\"text\" >Papagena, 2009, 320x240 cm, WV 0902<\/div><\/div><\/div><\/figcaption><\/figure><\/a><!--end av-masonry entry--><a href=\"https:\/\/www.lauro-art.com\/wordpress\/wp-content\/uploads\/2016\/07\/Roberto_Lauro_-Tor-zum-Weinland_570x650_2009_GrosseSkulpturen_V2-e1598104657785.jpg\" id='av-masonry-2-item-1137' data-av-masonry-item='1137' class='av-masonry-entry isotope-item post-1137 attachment type-attachment status-inherit hentry  av-masonry-item-with-image' title=\"Tor zum Weinland, 2009, 570x650 cm\"  itemprop=\"contentURL\" ><div class='av-inner-masonry-sizer'><\/div><figure class='av-inner-masonry main_color'><div class=\"av-masonry-outerimage-container\"><div class=\"av-masonry-image-container\" style=\"background-image: url(https:\/\/www.lauro-art.com\/wordpress\/wp-content\/uploads\/2016\/07\/Roberto_Lauro_-Tor-zum-Weinland_570x650_2009_GrosseSkulpturen_V2-e1598104657785.jpg);\"><img src=\"https:\/\/www.lauro-art.com\/wordpress\/wp-content\/uploads\/2016\/07\/Roberto_Lauro_-Tor-zum-Weinland_570x650_2009_GrosseSkulpturen_V2-e1598104657785.jpg\" title=\"Roberto_Lauro_ Tor zum Weinland_570x650_2009_GrosseSkulpturen_V2\" alt=\"\" \/><\/div><\/div><figcaption class='av-inner-masonry-content site-background'><div class='av-inner-masonry-content-pos'><div class='av-inner-masonry-content-pos-content'><div class='avia-arrow'><\/div><div class='av-masonry-entry-content entry-content'  itemprop=\"text\" >Tor zum Weinland, 2009, 570x650 cm<\/div><\/div><\/div><\/figcaption><\/figure><\/a><!--end av-masonry entry--><a href=\"https:\/\/www.lauro-art.com\/wordpress\/wp-content\/uploads\/2016\/07\/Gaukler-b-683x1024.jpg\" id='av-masonry-2-item-1433' data-av-masonry-item='1433' class='av-masonry-entry isotope-item post-1433 attachment type-attachment status-inherit hentry  av-masonry-item-with-image' title=\"Gaukler, 2019,  200x150 cm\"  itemprop=\"contentURL\" ><div class='av-inner-masonry-sizer'><\/div><figure class='av-inner-masonry main_color'><div class=\"av-masonry-outerimage-container\"><div class=\"av-masonry-image-container\" style=\"background-image: url(https:\/\/www.lauro-art.com\/wordpress\/wp-content\/uploads\/2016\/07\/Gaukler-b-470x705.jpg);\"><img src=\"https:\/\/www.lauro-art.com\/wordpress\/wp-content\/uploads\/2016\/07\/Gaukler-b-470x705.jpg\" title=\"Gaukler 2019\" alt=\"\" \/><\/div><\/div><figcaption class='av-inner-masonry-content site-background'><div class='av-inner-masonry-content-pos'><div class='av-inner-masonry-content-pos-content'><div class='avia-arrow'><\/div><div class='av-masonry-entry-content entry-content'  itemprop=\"text\" >Gaukler, 2019,  200x150 cm<\/div><\/div><\/div><\/figcaption><\/figure><\/a><!--end av-masonry entry--><a href=\"https:\/\/www.lauro-art.com\/wordpress\/wp-content\/uploads\/2020\/08\/Musik6-740x1024.jpg\" id='av-masonry-2-item-1438' data-av-masonry-item='1438' class='av-masonry-entry isotope-item post-1438 attachment type-attachment status-inherit hentry  av-masonry-item-with-image' title=\"Musik, 2018, 250x180cm\"  itemprop=\"contentURL\" ><div class='av-inner-masonry-sizer'><\/div><figure class='av-inner-masonry main_color'><div class=\"av-masonry-outerimage-container\"><div class=\"av-masonry-image-container\" style=\"background-image: url(https:\/\/www.lauro-art.com\/wordpress\/wp-content\/uploads\/2020\/08\/Musik6-510x705.jpg);\"><img src=\"https:\/\/www.lauro-art.com\/wordpress\/wp-content\/uploads\/2020\/08\/Musik6-510x705.jpg\" title=\"Musik6\" alt=\"\" \/><\/div><\/div><figcaption class='av-inner-masonry-content site-background'><div class='av-inner-masonry-content-pos'><div class='av-inner-masonry-content-pos-content'><div class='avia-arrow'><\/div><div class='av-masonry-entry-content entry-content'  itemprop=\"text\" >Musik, 2018, 250x180cm<\/div><\/div><\/div><\/figcaption><\/figure><\/a><!--end av-masonry entry--><\/div><\/div><\/p><\/div>\n","protected":false},"excerpt":{"rendered":"","protected":false},"author":1,"featured_media":0,"parent":0,"menu_order":0,"comment_status":"closed","ping_status":"closed","template":"","meta":[],"_links":{"self":[{"href":"https:\/\/www.lauro-art.com\/wordpress\/wp-json\/wp\/v2\/pages\/631"}],"collection":[{"href":"https:\/\/www.lauro-art.com\/wordpress\/wp-json\/wp\/v2\/pages"}],"about":[{"href":"https:\/\/www.lauro-art.com\/wordpress\/wp-json\/wp\/v2\/types\/page"}],"author":[{"embeddable":true,"href":"https:\/\/www.lauro-art.com\/wordpress\/wp-json\/wp\/v2\/users\/1"}],"replies":[{"embeddable":true,"href":"https:\/\/www.lauro-art.com\/wordpress\/wp-json\/wp\/v2\/comments?post=631"}],"version-history":[{"count":30,"href":"https:\/\/www.lauro-art.com\/wordpress\/wp-json\/wp\/v2\/pages\/631\/revisions"}],"predecessor-version":[{"id":1439,"href":"https:\/\/www.lauro-art.com\/wordpress\/wp-json\/wp\/v2\/pages\/631\/revisions\/1439"}],"wp:attachment":[{"href":"https:\/\/www.lauro-art.com\/wordpress\/wp-json\/wp\/v2\/media?parent=631"}],"curies":[{"name":"wp","href":"https:\/\/api.w.org\/{rel}","templated":true}]}}